{"id":49,"date":"2015-10-15T10:13:21","date_gmt":"2015-10-15T10:13:21","guid":{"rendered":"http:\/\/heidi-minwegen.de\/?page_id=49"},"modified":"2018-08-25T12:04:39","modified_gmt":"2018-08-25T12:04:39","slug":"ueber-mich-2","status":"publish","type":"page","link":"http:\/\/heidi-minwegen.de\/?page_id=49","title":{"rendered":"\u00dcber mich"},"content":{"rendered":"<hr \/>\n<p><a href=\"http:\/\/heidi-minwegen.de\/?attachment_id=748\" rel=\"attachment wp-att-748\"><img loading=\"lazy\" decoding=\"async\" class=\"wp-image-748 aligncenter\" src=\"http:\/\/heidi-minwegen.de\/wp-content\/uploads\/2018\/08\/IMG_0409_xxx.jpg\" alt=\"\" width=\"331\" height=\"411\" srcset=\"http:\/\/heidi-minwegen.de\/wp-content\/uploads\/2018\/08\/IMG_0409_xxx.jpg 1841w, http:\/\/heidi-minwegen.de\/wp-content\/uploads\/2018\/08\/IMG_0409_xxx-241x300.jpg 241w, http:\/\/heidi-minwegen.de\/wp-content\/uploads\/2018\/08\/IMG_0409_xxx-768x955.jpg 768w, http:\/\/heidi-minwegen.de\/wp-content\/uploads\/2018\/08\/IMG_0409_xxx-824x1024.jpg 824w\" sizes=\"auto, (max-width: 331px) 100vw, 331px\" \/><\/a><\/p>\n<p>&nbsp;<\/p>\n<p>Die 1954 in Ruhpolding geborene K\u00fcnstlerin lebt und\u00a0wirkt\u00a0in Bernau am Chiemsee.<\/p>\n<p>1975 macht\u00a0sie erste Bekanntschaft mit der \u00d6l-Malerei.<br \/>\nDieses Thema erarbeitet sie sich\u00a0autodidaktisch und vorwiegend in gegenst\u00e4ndlicher Darstellung.<\/p>\n<p>Die Technik des Aquarell-Malens lernt\u00a0sie Ende der 80er-Jahre kennen und bildet sich darin in vielf\u00e4ltigen Seminaren und Kursen weiter.<br \/>\nAuch hier entstehen haupts\u00e4chlich Arbeiten im gegenst\u00e4ndlichen Bereich.<\/p>\n<p>Etwa 10 Jahre sp\u00e4ter\u00a0findet die K\u00fcnstlerin\u00a0in der abstrakten Acryl-Malerei\u00a0ihr bevorzugtes Ausdrucksmittel.<br \/>\nDas Experimentieren mit unterschiedlichen Materialien, Farben, Pigmenten, Strukturpasten in Pinsel- und Spachtel-Technik auf Leinwand bestimmen\u00a0ihre vorwiegend abstrakten Arbeiten.<\/p>\n<p>In verschiedenen weiterf\u00fchrenden Workshops und Mal-Studien bei<br \/>\nAkademie Wildkogel<br \/>\nSommer-Akademie Hohenaschau<br \/>\nMal-Studio Petra Habenstein, Ottobrunn<br \/>\nAtelier Nicole Menz, Ingolstadt<br \/>\nentwickelt\u00a0sie ihre\u00a0Techniken weiter.<\/p>\n<p>Inzwischen sind\u00a0ihre Bilder in verschiedenen Ausstellungen im In- und Ausland zu sehen.<\/p>\n<hr \/>\n<p>&nbsp;<\/p>\n","protected":false},"excerpt":{"rendered":"<p>&nbsp; Die 1954 in Ruhpolding geborene K\u00fcnstlerin lebt und\u00a0wirkt\u00a0in Bernau am Chiemsee. 1975 macht\u00a0sie erste Bekanntschaft mit der \u00d6l-Malerei. Dieses Thema erarbeitet sie sich\u00a0autodidaktisch und vorwiegend in gegenst\u00e4ndlicher Darstellung. Die Technik des Aquarell-Malens lernt\u00a0sie Ende der 80er-Jahre kennen und bildet sich darin in vielf\u00e4ltigen Seminaren und Kursen weiter. Auch hier entstehen haupts\u00e4chlich Arbeiten im gegenst\u00e4ndlichen &hellip; <a href=\"http:\/\/heidi-minwegen.de\/?page_id=49\" class=\"more-link\"><span class=\"screen-reader-text\">\u00dcber mich<\/span> weiterlesen <span class=\"meta-nav\">&rarr;<\/span><\/a><\/p>\n","protected":false},"author":1,"featured_media":0,"parent":0,"menu_order":4,"comment_status":"closed","ping_status":"closed","template":"","meta":{"footnotes":""},"class_list":["post-49","page","type-page","status-publish","hentry"],"_links":{"self":[{"href":"http:\/\/heidi-minwegen.de\/index.php?rest_route=\/wp\/v2\/pages\/49","targetHints":{"allow":["GET"]}}],"collection":[{"href":"http:\/\/heidi-minwegen.de\/index.php?rest_route=\/wp\/v2\/pages"}],"about":[{"href":"http:\/\/heidi-minwegen.de\/index.php?rest_route=\/wp\/v2\/types\/page"}],"author":[{"embeddable":true,"href":"http:\/\/heidi-minwegen.de\/index.php?rest_route=\/wp\/v2\/users\/1"}],"replies":[{"embeddable":true,"href":"http:\/\/heidi-minwegen.de\/index.php?rest_route=%2Fwp%2Fv2%2Fcomments&post=49"}],"version-history":[{"count":32,"href":"http:\/\/heidi-minwegen.de\/index.php?rest_route=\/wp\/v2\/pages\/49\/revisions"}],"predecessor-version":[{"id":749,"href":"http:\/\/heidi-minwegen.de\/index.php?rest_route=\/wp\/v2\/pages\/49\/revisions\/749"}],"wp:attachment":[{"href":"http:\/\/heidi-minwegen.de\/index.php?rest_route=%2Fwp%2Fv2%2Fmedia&parent=49"}],"curies":[{"name":"wp","href":"https:\/\/api.w.org\/{rel}","templated":true}]}}